{"id":12064,"date":"2026-01-20T10:43:18","date_gmt":"2026-01-20T08:43:18","guid":{"rendered":"https:\/\/kummamuseo.fi\/?post_type=tribe_events&#038;p=12064"},"modified":"2026-01-20T10:43:20","modified_gmt":"2026-01-20T08:43:20","slug":"keskeneraisten-teosten-ilta","status":"publish","type":"tribe_events","link":"https:\/\/kummamuseo.fi\/en\/tapahtuma\/keskeneraisten-teosten-ilta\/","title":{"rendered":"Keskener\u00e4isten teosten ilta"},"content":{"rendered":"<div  class=\"tribe-events-schedule tribe-clearfix\" >\n\t<p class=\"tribe-events-schedule__datetime\">\n\t\t<span class=\"tribe-events-schedule__date tribe-events-schedule__date--start\">\n\t\t\t18.2.\t\t<\/span>\n\n\t\t\t\t\t<span class=\"tribe-events-schedule__separator tribe-events-schedule__separator--date\">\n\t\t\t\t  \t\t\t<\/span>\n\t\t\t<span class=\"tribe-events-schedule__time tribe-events-schedule__time--start\">\n\t\t\t\t16:00\t\t\t<\/span>\n\t\t\n\t\t\t\t\t\t\t\t\t<span class=\"tribe-events-schedule__separator tribe-events-schedule__separator--time\">\n\t\t\t\t\t &#8211; \t\t\t\t<\/span>\n\t\t\t\n\t\t\t\t\t\t\t<span class=\"tribe-events-schedule__time tribe-events-schedule__time--end\">\n\t\t\t\t\t18:30\t\t\t\t<\/span>\n\t\t\t\n\t\t\t\t\t\t<\/p>\n<\/div>\n\n\n\n<figure class=\"wp-block-image size-large\"><img loading=\"lazy\" decoding=\"async\" width=\"1024\" height=\"538\" src=\"https:\/\/kummamuseo.fi\/wp-content\/uploads\/2026\/01\/Keskeneraisten-teosten-ilta-vaaka-ilman-tekstia-1024x538.png\" alt=\"\" class=\"wp-image-12065\" srcset=\"https:\/\/kummamuseo.fi\/wp-content\/uploads\/2026\/01\/Keskeneraisten-teosten-ilta-vaaka-ilman-tekstia-1024x538.png 1024w, https:\/\/kummamuseo.fi\/wp-content\/uploads\/2026\/01\/Keskeneraisten-teosten-ilta-vaaka-ilman-tekstia-300x158.png 300w, https:\/\/kummamuseo.fi\/wp-content\/uploads\/2026\/01\/Keskeneraisten-teosten-ilta-vaaka-ilman-tekstia-768x403.png 768w, https:\/\/kummamuseo.fi\/wp-content\/uploads\/2026\/01\/Keskeneraisten-teosten-ilta-vaaka-ilman-tekstia.png 1200w\" sizes=\"auto, (max-width: 1024px) 100vw, 1024px\" \/><\/figure>\n\n\n\n<p>Oletko taiteen ammattilainen tai opiskelija, joka tarvitsisi tilan kehitt\u00e4\u00e4 keskener\u00e4ist\u00e4 ty\u00f6t\u00e4\u00e4n yleis\u00f6n kanssa ja saada siit\u00e4 palautetta?<\/p>\n\n\n\n<p>J\u00e4rjest\u00e4mme taidemuseo KUMMAssa yhteisty\u00f6ss\u00e4 It\u00e4-Suomen tanssin aluekeskuksen ja Ars Liberan kanssa keskiviikkona 18.2.2026 monitaiteisen illan, jossa taiteilijat voivat esitell\u00e4 suullisesti tai kuvallisesti teosideoitaan tai esitt\u00e4\u00e4 teoksestaan katkelman. Tilaisuuden lopuksi on fasilitoitu yleis\u00f6keskustelu n\u00e4hdyist\u00e4 teoksista. Yleis\u00f6ll\u00e4 on my\u00f6s mahdollisuus kirjoittaa palautetta taiteilijoille.<\/p>\n\n\n\n<p>Illan tarkoituksena on tarjota eri alojen taiteilijoille paikka keskustella ty\u00f6st\u00e4\u00e4n ja saada tukea ajatuksilleen. Esiintymisest\u00e4 ei makseta palkkiota ja teosten t\u00e4ytyy olla esitett\u00e4viss\u00e4 Olotilassa ilman erityist\u00e4 esitystekniikkaa. \u00c4\u00e4nentoisto ja dataprojektori ovat k\u00e4yt\u00f6ss\u00e4 tapahtumassa.<\/p>\n\n\n\n<p>Keskener\u00e4isten teosten ilta<br>Taidemuseo KUMMAssa, Kauppakatu 35<br>keskiviikkona 18.2.2026 klo 16\u201318.30<\/p>\n\n\n\n<p>Iltaan mahtuu nelj\u00e4 enint\u00e4\u00e4n 15 minuutin demoa. Kaikki taiteen lajit ovat tervetulleita. Ilmoittaudu mukaan omalla teoksellasi 5.2. menness\u00e4 ITAK:n taiteelliselle johtajalle veera.lamberg@itak.fi. Jos ilmoittautuneita on paljon, pid\u00e4t\u00e4mme oikeuden valita osallistujat.<\/p>\n\n\n\t<div  class=\"tribe-block tribe-block__events-link\" >\n\t\t<div class=\"tribe-events tribe-common\">\n\t\t\t<div class=\"tribe-events-c-subscribe-dropdown__container\">\n\t\t\t\t<div class=\"tribe-events-c-subscribe-dropdown\">\n\t\t\t\t\t<div class=\"tribe-common-c-btn-border tribe-events-c-subscribe-dropdown__button\">\n\t\t\t\t\t\t<svg\n\t class=\"tribe-common-c-svgicon tribe-common-c-svgicon--cal-export tribe-events-c-subscribe-dropdown__export-icon\" \taria-hidden=\"true\"\n\tviewBox=\"0 0 23 17\"\n\txmlns=\"http:\/\/www.w3.org\/2000\/svg\"\n>\n\t<path fill-rule=\"evenodd\" clip-rule=\"evenodd\" d=\"M.128.896V16.13c0 .211.145.383.323.383h15.354c.179 0 .323-.172.323-.383V.896c0-.212-.144-.383-.323-.383H.451C.273.513.128.684.128.896Zm16 6.742h-.901V4.679H1.009v10.729h14.218v-3.336h.901V7.638ZM1.01 1.614h14.218v2.058H1.009V1.614Z\" \/>\n\t<path d=\"M20.5 9.846H8.312M18.524 6.953l2.89 2.909-2.855 2.855\" stroke-width=\"1.2\" stroke-linecap=\"round\" stroke-linejoin=\"round\"\/>\n<\/svg>\n\t\t\t\t\t\t<button\n\t\t\t\t\t\t\tclass=\"tribe-events-c-subscribe-dropdown__button-text\"\n\t\t\t\t\t\t\taria-expanded=\"false\"\n\t\t\t\t\t\t\taria-controls=\"tribe-events-subscribe-dropdown-content\"\n\t\t\t\t\t\t\taria-label=\"View links to add events to your calendar\"\n\t\t\t\t\t\t>\n\t\t\t\t\t\t\tAdd to calendar\t\t\t\t\t\t<\/button>\n\t\t\t\t\t\t<svg\n\t class=\"tribe-common-c-svgicon tribe-common-c-svgicon--caret-down tribe-events-c-subscribe-dropdown__button-icon\" \taria-hidden=\"true\"\n\tviewBox=\"0 0 10 7\"\n\txmlns=\"http:\/\/www.w3.org\/2000\/svg\"\n>\n\t<path fill-rule=\"evenodd\" clip-rule=\"evenodd\" d=\"M1.008.609L5 4.6 8.992.61l.958.958L5 6.517.05 1.566l.958-.958z\" class=\"tribe-common-c-svgicon__svg-fill\"\/>\n<\/svg>\n\t\t\t\t\t<\/div>\n\t\t\t\t\t<div id=\"tribe-events-subscribe-dropdown-content\" class=\"tribe-events-c-subscribe-dropdown__content\">\n\t\t\t\t\t\t<ul class=\"tribe-events-c-subscribe-dropdown__list\">\n\t\t\t\t\t\t\t\t\t\t\t\t\t\t\t<li class=\"tribe-events-c-subscribe-dropdown__list-item tribe-events-c-subscribe-dropdown__list-item--gcal\">\n\t\t\t\t\t\t\t\t\t<a\n\t\t\t\t\t\t\t\t\t\thref=\"https:\/\/www.google.com\/calendar\/event?action=TEMPLATE&#038;dates=20260218T160000\/20260218T183000&#038;text=Keskener%C3%A4isten%20teosten%20ilta&#038;details=%3Cfigure+class%3D%22wp-block-image+size-large%22%3E%3Cimg+src%3D%22https%3A%2F%2Fkummamuseo.fi%2Fwp-content%2Fuploads%2F2026%2F01%2FKeskeneraisten-teosten-ilta-vaaka-ilman-tekstia-1024x538.png%22+alt%3D%22%22+class%3D%22wp-image-12065%22%2F%3E%3C%2Ffigure%3E%3Cp%3EOletko+taiteen+ammattilainen+tai+opiskelija%2C+joka+tarvitsisi+tilan+kehitt%C3%A4%C3%A4+keskener%C3%A4ist%C3%A4+ty%C3%B6t%C3%A4%C3%A4n+yleis%C3%B6n+kanssa+ja+saada+siit%C3%A4+palautetta%3F%3C%2Fp%3E+%3Cp%3EJ%C3%A4rjest%C3%A4mme+taidemuseo+KUMMAssa+yhteisty%C3%B6ss%C3%A4+It%C3%A4-Suomen+tanssin+aluekeskuksen+ja+Ars+Liberan+kanssa+keskiviikkona+18.2.2026+monitaiteisen+illan%2C+jossa+taiteilijat+voivat+esitell%C3%A4+suullisesti+tai+kuvallisesti+teosideoitaan+tai+esitt%C3%A4%C3%A4+teoksestaan+katkelman.+Tilaisuuden+lopuksi+on+fasilitoitu+yleis%C3%B6keskustelu+n%C3%A4hdyist%C3%A4+teoksista.+Yleis%C3%B6ll%C3%A4+on+my%C3%B6s+mahdollisuus+kirjoittaa+palautetta+taiteilijoille.%3C%2Fp%3E+%3Cp%3EIllan+tarkoituksena+on+tarjota+eri+alojen+taiteilijoille+paikka+keskustella+ty%C3%B6st%C3%A4%C3%A4n+ja+saada+tukea+ajatuksilleen.+Esiintymisest%C3%A4+ei+makseta+palkkiota+ja+teosten+t%C3%A4ytyy+olla+esitett%C3%A4viss%C3%A4+Olot%3C%2Fp%3E+%28View+Full+event+Description+Here%3A+https%3A%2F%2Fkummamuseo.fi%2Fen%2Ftapahtuma%2Fkeskeneraisten-teosten-ilta%2F%29&#038;trp=false&#038;ctz=Europe\/Helsinki&#038;sprop=website:https:\/\/kummamuseo.fi\/en\/\"\n\t\t\t\t\t\t\t\t\t\tclass=\"tribe-events-c-subscribe-dropdown__list-item-link\"\n\t\t\t\t\t\t\t\t\t\ttarget=\"_blank\"\n\t\t\t\t\t\t\t\t\t\trel=\"noopener noreferrer nofollow noindex\"\n\t\t\t\t\t\t\t\t\t>\n\t\t\t\t\t\t\t\t\t\tGoogle Calendar\t\t\t\t\t\t\t\t\t<\/a>\n\t\t\t\t\t\t\t\t<\/li>\n\t\t\t\t\t\t\t\t\t\t\t\t\t\t\t<li class=\"tribe-events-c-subscribe-dropdown__list-item tribe-events-c-subscribe-dropdown__list-item--ical\">\n\t\t\t\t\t\t\t\t\t<a\n\t\t\t\t\t\t\t\t\t\thref=\"\"\n\t\t\t\t\t\t\t\t\t\tclass=\"tribe-events-c-subscribe-dropdown__list-item-link\"\n\t\t\t\t\t\t\t\t\t\ttarget=\"_blank\"\n\t\t\t\t\t\t\t\t\t\trel=\"noopener noreferrer nofollow noindex\"\n\t\t\t\t\t\t\t\t\t>\n\t\t\t\t\t\t\t\t\t\tiCalendar\t\t\t\t\t\t\t\t\t<\/a>\n\t\t\t\t\t\t\t\t<\/li>\n\t\t\t\t\t\t\t\t\t\t\t\t\t\t\t<li class=\"tribe-events-c-subscribe-dropdown__list-item tribe-events-c-subscribe-dropdown__list-item--outlook-365\">\n\t\t\t\t\t\t\t\t\t<a\n\t\t\t\t\t\t\t\t\t\thref=\"\"\n\t\t\t\t\t\t\t\t\t\tclass=\"tribe-events-c-subscribe-dropdown__list-item-link\"\n\t\t\t\t\t\t\t\t\t\ttarget=\"_blank\"\n\t\t\t\t\t\t\t\t\t\trel=\"noopener noreferrer nofollow noindex\"\n\t\t\t\t\t\t\t\t\t>\n\t\t\t\t\t\t\t\t\t\tOutlook 365\t\t\t\t\t\t\t\t\t<\/a>\n\t\t\t\t\t\t\t\t<\/li>\n\t\t\t\t\t\t\t\t\t\t\t\t\t\t\t<li class=\"tribe-events-c-subscribe-dropdown__list-item tribe-events-c-subscribe-dropdown__list-item--outlook-live\">\n\t\t\t\t\t\t\t\t\t<a\n\t\t\t\t\t\t\t\t\t\thref=\"\"\n\t\t\t\t\t\t\t\t\t\tclass=\"tribe-events-c-subscribe-dropdown__list-item-link\"\n\t\t\t\t\t\t\t\t\t\ttarget=\"_blank\"\n\t\t\t\t\t\t\t\t\t\trel=\"noopener noreferrer nofollow noindex\"\n\t\t\t\t\t\t\t\t\t>\n\t\t\t\t\t\t\t\t\t\tOutlook Live\t\t\t\t\t\t\t\t\t<\/a>\n\t\t\t\t\t\t\t\t<\/li>\n\t\t\t\t\t\t\t\t\t\t\t\t\t<\/ul>\n\t\t\t\t\t<\/div>\n\t\t\t\t<\/div>\n\t\t\t<\/div>\n\t\t<\/div>\n\t<\/div>\n\n","protected":false},"excerpt":{"rendered":"<p>Oletko taiteen ammattilainen tai opiskelija, joka tarvitsisi tilan kehitt\u00e4\u00e4 keskener\u00e4ist\u00e4 ty\u00f6t\u00e4\u00e4n yleis\u00f6n kanssa ja saada siit\u00e4 palautetta? J\u00e4rjest\u00e4mme taidemuseo KUMMAssa yhteisty\u00f6ss\u00e4 It\u00e4-Suomen tanssin aluekeskuksen ja Ars Liberan kanssa keskiviikkona 18.2.2026 [&hellip;]<\/p>\n","protected":false},"author":7,"featured_media":12065,"template":"","meta":{"xn-wppe-expiration":[],"xn-wppe-expiration-action":[],"xn-wppe-expiration-prefix":[],"advgb_blocks_editor_width":"","advgb_blocks_columns_visual_guide":"","_genesis_hide_title":false,"_genesis_hide_breadcrumbs":false,"_genesis_hide_singular_image":false,"_genesis_hide_footer_widgets":false,"_genesis_custom_body_class":"","_genesis_custom_post_class":"","_genesis_layout":"","_EventAllDay":false,"_EventTimezone":"Europe\/Helsinki","_EventStartDate":"2026-02-18 16:00:00","_EventEndDate":"2026-02-18 18:30:00","_EventStartDateUTC":"2026-02-18 14:00:00","_EventEndDateUTC":"2026-02-18 16:30:00","_EventShowMap":false,"_EventShowMapLink":false,"_EventURL":"","_EventCost":"","_EventCostDescription":"","_EventCurrencySymbol":"\u20ac","_EventCurrencyCode":"EUR","_EventCurrencyPosition":"prefix","_EventDateTimeSeparator":"  ","_EventTimeRangeSeparator":" - ","_EventOrganizerID":[],"_EventVenueID":[],"_OrganizerEmail":"","_OrganizerPhone":"","_OrganizerWebsite":"","_VenueAddress":"","_VenueCity":"","_VenueCountry":"","_VenueProvince":"","_VenueState":"","_VenueZip":"","_VenuePhone":"","_VenueURL":"","_VenueStateProvince":"","_VenueLat":"","_VenueLng":"","_VenueShowMap":false,"_VenueShowMapLink":false,"_themeisle_gutenberg_block_has_review":false,"_tribe_events_status":"","_tribe_events_status_reason":"","footnotes":""},"tags":[],"tribe_events_cat":[],"class_list":["post-12064","tribe_events","type-tribe_events","status-publish","has-post-thumbnail","entry"],"yoast_head":"<!-- This site is optimized with the Yoast SEO plugin v27.5 - https:\/\/yoast.com\/product\/yoast-seo-wordpress\/ -->\n<title>Keskener\u00e4isten teosten ilta - kummamuseo.fi<\/title>\n<meta name=\"robots\" content=\"index, follow, max-snippet:-1, max-image-preview:large, max-video-preview:-1\" \/>\n<link rel=\"canonical\" href=\"https:\/\/kummamuseo.fi\/en\/tapahtuma\/keskeneraisten-teosten-ilta\/\" \/>\n<meta property=\"og:locale\" content=\"en_US\" \/>\n<meta property=\"og:type\" content=\"article\" \/>\n<meta property=\"og:title\" content=\"Keskener\u00e4isten teosten ilta - kummamuseo.fi\" \/>\n<meta property=\"og:description\" content=\"Oletko taiteen ammattilainen tai opiskelija, joka tarvitsisi tilan kehitt\u00e4\u00e4 keskener\u00e4ist\u00e4 ty\u00f6t\u00e4\u00e4n yleis\u00f6n kanssa ja saada siit\u00e4 palautetta? J\u00e4rjest\u00e4mme taidemuseo KUMMAssa yhteisty\u00f6ss\u00e4 It\u00e4-Suomen tanssin aluekeskuksen ja Ars Liberan kanssa keskiviikkona 18.2.2026 [&hellip;]\" \/>\n<meta property=\"og:url\" content=\"https:\/\/kummamuseo.fi\/en\/tapahtuma\/keskeneraisten-teosten-ilta\/\" \/>\n<meta property=\"og:site_name\" content=\"kummamuseo.fi\" \/>\n<meta property=\"article:modified_time\" content=\"2026-01-20T08:43:20+00:00\" \/>\n<meta property=\"og:image\" content=\"https:\/\/kummamuseo.fi\/wp-content\/uploads\/2026\/01\/Keskeneraisten-teosten-ilta-vaaka-ilman-tekstia.png\" \/>\n\t<meta property=\"og:image:width\" content=\"1200\" \/>\n\t<meta property=\"og:image:height\" content=\"630\" \/>\n\t<meta property=\"og:image:type\" content=\"image\/png\" \/>\n<meta name=\"twitter:card\" content=\"summary_large_image\" \/>\n<meta name=\"twitter:label1\" content=\"Est. reading time\" \/>\n\t<meta name=\"twitter:data1\" content=\"1 minute\" \/>\n<script type=\"application\/ld+json\" class=\"yoast-schema-graph\">{\"@context\":\"https:\\\/\\\/schema.org\",\"@graph\":[{\"@type\":\"WebPage\",\"@id\":\"https:\\\/\\\/kummamuseo.fi\\\/en\\\/tapahtuma\\\/keskeneraisten-teosten-ilta\\\/\",\"url\":\"https:\\\/\\\/kummamuseo.fi\\\/en\\\/tapahtuma\\\/keskeneraisten-teosten-ilta\\\/\",\"name\":\"Keskener\u00e4isten teosten ilta - kummamuseo.fi\",\"isPartOf\":{\"@id\":\"https:\\\/\\\/kummamuseo.fi\\\/#website\"},\"primaryImageOfPage\":{\"@id\":\"https:\\\/\\\/kummamuseo.fi\\\/en\\\/tapahtuma\\\/keskeneraisten-teosten-ilta\\\/#primaryimage\"},\"image\":{\"@id\":\"https:\\\/\\\/kummamuseo.fi\\\/en\\\/tapahtuma\\\/keskeneraisten-teosten-ilta\\\/#primaryimage\"},\"thumbnailUrl\":\"https:\\\/\\\/kummamuseo.fi\\\/wp-content\\\/uploads\\\/2026\\\/01\\\/Keskeneraisten-teosten-ilta-vaaka-ilman-tekstia.png\",\"datePublished\":\"2026-01-20T08:43:18+00:00\",\"dateModified\":\"2026-01-20T08:43:20+00:00\",\"breadcrumb\":{\"@id\":\"https:\\\/\\\/kummamuseo.fi\\\/en\\\/tapahtuma\\\/keskeneraisten-teosten-ilta\\\/#breadcrumb\"},\"inLanguage\":\"en-US\",\"potentialAction\":[{\"@type\":\"ReadAction\",\"target\":[\"https:\\\/\\\/kummamuseo.fi\\\/en\\\/tapahtuma\\\/keskeneraisten-teosten-ilta\\\/\"]}]},{\"@type\":\"ImageObject\",\"inLanguage\":\"en-US\",\"@id\":\"https:\\\/\\\/kummamuseo.fi\\\/en\\\/tapahtuma\\\/keskeneraisten-teosten-ilta\\\/#primaryimage\",\"url\":\"https:\\\/\\\/kummamuseo.fi\\\/wp-content\\\/uploads\\\/2026\\\/01\\\/Keskeneraisten-teosten-ilta-vaaka-ilman-tekstia.png\",\"contentUrl\":\"https:\\\/\\\/kummamuseo.fi\\\/wp-content\\\/uploads\\\/2026\\\/01\\\/Keskeneraisten-teosten-ilta-vaaka-ilman-tekstia.png\",\"width\":1200,\"height\":630},{\"@type\":\"BreadcrumbList\",\"@id\":\"https:\\\/\\\/kummamuseo.fi\\\/en\\\/tapahtuma\\\/keskeneraisten-teosten-ilta\\\/#breadcrumb\",\"itemListElement\":[{\"@type\":\"ListItem\",\"position\":1,\"name\":\"Home\",\"item\":\"https:\\\/\\\/kummamuseo.fi\\\/en\\\/home\\\/\"},{\"@type\":\"ListItem\",\"position\":2,\"name\":\"Tapahtumat\",\"item\":\"https:\\\/\\\/kummamuseo.fi\\\/events\\\/\"},{\"@type\":\"ListItem\",\"position\":3,\"name\":\"Keskener\u00e4isten teosten ilta\"}]},{\"@type\":\"WebSite\",\"@id\":\"https:\\\/\\\/kummamuseo.fi\\\/#website\",\"url\":\"https:\\\/\\\/kummamuseo.fi\\\/\",\"name\":\"kummamuseo.fi\",\"description\":\"Taidemuseo Kuopiossa\",\"publisher\":{\"@id\":\"https:\\\/\\\/kummamuseo.fi\\\/#organization\"},\"potentialAction\":[{\"@type\":\"SearchAction\",\"target\":{\"@type\":\"EntryPoint\",\"urlTemplate\":\"https:\\\/\\\/kummamuseo.fi\\\/?s={search_term_string}\"},\"query-input\":{\"@type\":\"PropertyValueSpecification\",\"valueRequired\":true,\"valueName\":\"search_term_string\"}}],\"inLanguage\":\"en-US\"},{\"@type\":\"Organization\",\"@id\":\"https:\\\/\\\/kummamuseo.fi\\\/#organization\",\"name\":\"kummamuseo.fi\",\"url\":\"https:\\\/\\\/kummamuseo.fi\\\/\",\"logo\":{\"@type\":\"ImageObject\",\"inLanguage\":\"en-US\",\"@id\":\"https:\\\/\\\/kummamuseo.fi\\\/#\\\/schema\\\/logo\\\/image\\\/\",\"url\":\"https:\\\/\\\/kummamuseo.fi\\\/wp-content\\\/uploads\\\/2025\\\/04\\\/cropped-Kumma-ikoni-2.png\",\"contentUrl\":\"https:\\\/\\\/kummamuseo.fi\\\/wp-content\\\/uploads\\\/2025\\\/04\\\/cropped-Kumma-ikoni-2.png\",\"width\":300,\"height\":300,\"caption\":\"kummamuseo.fi\"},\"image\":{\"@id\":\"https:\\\/\\\/kummamuseo.fi\\\/#\\\/schema\\\/logo\\\/image\\\/\"}}]}<\/script>\n<!-- \/ Yoast SEO plugin. -->","yoast_head_json":{"title":"Keskener\u00e4isten teosten ilta - kummamuseo.fi","robots":{"index":"index","follow":"follow","max-snippet":"max-snippet:-1","max-image-preview":"max-image-preview:large","max-video-preview":"max-video-preview:-1"},"canonical":"https:\/\/kummamuseo.fi\/en\/tapahtuma\/keskeneraisten-teosten-ilta\/","og_locale":"en_US","og_type":"article","og_title":"Keskener\u00e4isten teosten ilta - kummamuseo.fi","og_description":"Oletko taiteen ammattilainen tai opiskelija, joka tarvitsisi tilan kehitt\u00e4\u00e4 keskener\u00e4ist\u00e4 ty\u00f6t\u00e4\u00e4n yleis\u00f6n kanssa ja saada siit\u00e4 palautetta? J\u00e4rjest\u00e4mme taidemuseo KUMMAssa yhteisty\u00f6ss\u00e4 It\u00e4-Suomen tanssin aluekeskuksen ja Ars Liberan kanssa keskiviikkona 18.2.2026 [&hellip;]","og_url":"https:\/\/kummamuseo.fi\/en\/tapahtuma\/keskeneraisten-teosten-ilta\/","og_site_name":"kummamuseo.fi","article_modified_time":"2026-01-20T08:43:20+00:00","og_image":[{"width":1200,"height":630,"url":"https:\/\/kummamuseo.fi\/wp-content\/uploads\/2026\/01\/Keskeneraisten-teosten-ilta-vaaka-ilman-tekstia.png","type":"image\/png"}],"twitter_card":"summary_large_image","twitter_misc":{"Est. reading time":"1 minute"},"schema":{"@context":"https:\/\/schema.org","@graph":[{"@type":"WebPage","@id":"https:\/\/kummamuseo.fi\/en\/tapahtuma\/keskeneraisten-teosten-ilta\/","url":"https:\/\/kummamuseo.fi\/en\/tapahtuma\/keskeneraisten-teosten-ilta\/","name":"Keskener\u00e4isten teosten ilta - kummamuseo.fi","isPartOf":{"@id":"https:\/\/kummamuseo.fi\/#website"},"primaryImageOfPage":{"@id":"https:\/\/kummamuseo.fi\/en\/tapahtuma\/keskeneraisten-teosten-ilta\/#primaryimage"},"image":{"@id":"https:\/\/kummamuseo.fi\/en\/tapahtuma\/keskeneraisten-teosten-ilta\/#primaryimage"},"thumbnailUrl":"https:\/\/kummamuseo.fi\/wp-content\/uploads\/2026\/01\/Keskeneraisten-teosten-ilta-vaaka-ilman-tekstia.png","datePublished":"2026-01-20T08:43:18+00:00","dateModified":"2026-01-20T08:43:20+00:00","breadcrumb":{"@id":"https:\/\/kummamuseo.fi\/en\/tapahtuma\/keskeneraisten-teosten-ilta\/#breadcrumb"},"inLanguage":"en-US","potentialAction":[{"@type":"ReadAction","target":["https:\/\/kummamuseo.fi\/en\/tapahtuma\/keskeneraisten-teosten-ilta\/"]}]},{"@type":"ImageObject","inLanguage":"en-US","@id":"https:\/\/kummamuseo.fi\/en\/tapahtuma\/keskeneraisten-teosten-ilta\/#primaryimage","url":"https:\/\/kummamuseo.fi\/wp-content\/uploads\/2026\/01\/Keskeneraisten-teosten-ilta-vaaka-ilman-tekstia.png","contentUrl":"https:\/\/kummamuseo.fi\/wp-content\/uploads\/2026\/01\/Keskeneraisten-teosten-ilta-vaaka-ilman-tekstia.png","width":1200,"height":630},{"@type":"BreadcrumbList","@id":"https:\/\/kummamuseo.fi\/en\/tapahtuma\/keskeneraisten-teosten-ilta\/#breadcrumb","itemListElement":[{"@type":"ListItem","position":1,"name":"Home","item":"https:\/\/kummamuseo.fi\/en\/home\/"},{"@type":"ListItem","position":2,"name":"Tapahtumat","item":"https:\/\/kummamuseo.fi\/events\/"},{"@type":"ListItem","position":3,"name":"Keskener\u00e4isten teosten ilta"}]},{"@type":"WebSite","@id":"https:\/\/kummamuseo.fi\/#website","url":"https:\/\/kummamuseo.fi\/","name":"kummamuseo.fi","description":"Taidemuseo Kuopiossa","publisher":{"@id":"https:\/\/kummamuseo.fi\/#organization"},"potentialAction":[{"@type":"SearchAction","target":{"@type":"EntryPoint","urlTemplate":"https:\/\/kummamuseo.fi\/?s={search_term_string}"},"query-input":{"@type":"PropertyValueSpecification","valueRequired":true,"valueName":"search_term_string"}}],"inLanguage":"en-US"},{"@type":"Organization","@id":"https:\/\/kummamuseo.fi\/#organization","name":"kummamuseo.fi","url":"https:\/\/kummamuseo.fi\/","logo":{"@type":"ImageObject","inLanguage":"en-US","@id":"https:\/\/kummamuseo.fi\/#\/schema\/logo\/image\/","url":"https:\/\/kummamuseo.fi\/wp-content\/uploads\/2025\/04\/cropped-Kumma-ikoni-2.png","contentUrl":"https:\/\/kummamuseo.fi\/wp-content\/uploads\/2025\/04\/cropped-Kumma-ikoni-2.png","width":300,"height":300,"caption":"kummamuseo.fi"},"image":{"@id":"https:\/\/kummamuseo.fi\/#\/schema\/logo\/image\/"}}]}},"featured_img":"https:\/\/kummamuseo.fi\/wp-content\/uploads\/2026\/01\/Keskeneraisten-teosten-ilta-vaaka-ilman-tekstia.png","coauthors":[],"author_meta":{"author_link":"https:\/\/kummamuseo.fi\/en\/author\/jyri-petteri-vaisanenkuopio-fi\/","display_name":"Jyri V\u00e4is\u00e4nen"},"relative_dates":{"created":"Posted 3 months ago","modified":"Updated 3 months ago"},"absolute_dates":{"created":"Posted on 20.1.2026","modified":"Updated on 20.1.2026"},"absolute_dates_time":{"created":"Posted on 20.1.2026 10:43","modified":"Updated on 20.1.2026 10:43"},"featured_img_caption":"","tax_additional":{"post_tag":{"linked":[],"unlinked":[],"slug":"post_tag","name":"Tags"},"tribe_events_cat":{"linked":[],"unlinked":[],"slug":"tribe_events_cat","name":"Event Categories"}},"series_order":"","_links":{"self":[{"href":"https:\/\/kummamuseo.fi\/en\/wp-json\/wp\/v2\/tribe_events\/12064","targetHints":{"allow":["GET"]}}],"collection":[{"href":"https:\/\/kummamuseo.fi\/en\/wp-json\/wp\/v2\/tribe_events"}],"about":[{"href":"https:\/\/kummamuseo.fi\/en\/wp-json\/wp\/v2\/types\/tribe_events"}],"author":[{"embeddable":true,"href":"https:\/\/kummamuseo.fi\/en\/wp-json\/wp\/v2\/users\/7"}],"version-history":[{"count":1,"href":"https:\/\/kummamuseo.fi\/en\/wp-json\/wp\/v2\/tribe_events\/12064\/revisions"}],"predecessor-version":[{"id":12067,"href":"https:\/\/kummamuseo.fi\/en\/wp-json\/wp\/v2\/tribe_events\/12064\/revisions\/12067"}],"wp:featuredmedia":[{"embeddable":true,"href":"https:\/\/kummamuseo.fi\/en\/wp-json\/wp\/v2\/media\/12065"}],"wp:attachment":[{"href":"https:\/\/kummamuseo.fi\/en\/wp-json\/wp\/v2\/media?parent=12064"}],"wp:term":[{"taxonomy":"post_tag","embeddable":true,"href":"https:\/\/kummamuseo.fi\/en\/wp-json\/wp\/v2\/tags?post=12064"},{"taxonomy":"tribe_events_cat","embeddable":true,"href":"https:\/\/kummamuseo.fi\/en\/wp-json\/wp\/v2\/tribe_events_cat?post=12064"}],"curies":[{"name":"wp","href":"https:\/\/api.w.org\/{rel}","templated":true}]}}